{"id":1287,"date":"2020-02-23T09:24:23","date_gmt":"2020-02-23T09:24:23","guid":{"rendered":"http:\/\/espailauma.org\/el-taller"},"modified":"2024-08-06T17:33:39","modified_gmt":"2024-08-06T17:33:39","slug":"el-taller","status":"publish","type":"page","link":"https:\/\/espailauma.org\/ca\/el-taller","title":{"rendered":"El taller"},"content":{"rendered":"\t\t<div data-elementor-type=\"wp-page\" data-elementor-id=\"1287\" class=\"elementor elementor-1287 elementor-50\" data-elementor-post-type=\"page\">\n\t\t\t\t\t\t<section class=\"elementor-section elementor-top-section elementor-element elementor-element-a59a28f elementor-section-height-min-height elementor-section-boxed elementor-section-height-default elementor-section-items-middle\" data-id=\"a59a28f\" data-element_type=\"section\" data-e-type=\"section\">\n\t\t\t\t\t\t<div class=\"elementor-container elementor-column-gap-wider\">\n\t\t\t\t\t<div class=\"elementor-column elementor-col-50 elementor-top-column elementor-element elementor-element-f8e7995\" data-id=\"f8e7995\" data-element_type=\"column\" data-e-type=\"column\">\n\t\t\t<div class=\"elementor-widget-wrap elementor-element-populated\">\n\t\t\t\t\t\t<div class=\"elementor-element elementor-element-0650444 elementor-widget elementor-widget-video\" data-id=\"0650444\" data-element_type=\"widget\" data-e-type=\"widget\" data-settings=\"{&quot;video_type&quot;:&quot;hosted&quot;,&quot;loop&quot;:&quot;yes&quot;,&quot;controls&quot;:&quot;yes&quot;}\" data-widget_type=\"video.default\">\n\t\t\t\t<div class=\"elementor-widget-container\">\n\t\t\t\t\t\t\t<div class=\"e-hosted-video elementor-wrapper elementor-open-inline\">\n\t\t\t\t\t<video class=\"elementor-video\" src=\"https:\/\/espailauma.org\/wp-content\/uploads\/2024\/04\/InShot_20240406_191820201.mp4\" loop=\"\" controls=\"\" preload=\"metadata\" controlsList=\"nodownload\"><\/video>\n\t\t\t\t<\/div>\n\t\t\t\t\t\t<\/div>\n\t\t\t\t<\/div>\n\t\t\t\t\t<\/div>\n\t\t<\/div>\n\t\t\t\t<div class=\"elementor-column elementor-col-50 elementor-top-column elementor-element elementor-element-991b45b\" data-id=\"991b45b\" data-element_type=\"column\" data-e-type=\"column\">\n\t\t\t<div class=\"elementor-widget-wrap elementor-element-populated\">\n\t\t\t\t\t\t<div class=\"elementor-element elementor-element-cffbcf0 elementor-widget elementor-widget-text-editor\" data-id=\"cffbcf0\" data-element_type=\"widget\" data-e-type=\"widget\" data-widget_type=\"text-editor.default\">\n\t\t\t\t<div class=\"elementor-widget-container\">\n\t\t\t\t\t\t\t\t\t<p class=\"has-text-align-center has-medium-font-size\">La\u00fcma es un taller creatiu situat a St.Antoni, un dels barris m\u00e9s emblem\u00e0tics de Barcelona.<\/p>\n<p class=\"has-text-align-center has-medium-font-size\">\u00c9s un espai obert a totes aquelles ments curioses que tinguin inter\u00e8s per la cer\u00e0mica i l&#8217;art en general<\/p>\n\t\t\t\t\t\t\t\t<\/div>\n\t\t\t\t<\/div>\n\t\t\t\t<div class=\"elementor-element elementor-element-c3ff938 elementor-widget elementor-widget-text-editor\" data-id=\"c3ff938\" data-element_type=\"widget\" data-e-type=\"widget\" data-widget_type=\"text-editor.default\">\n\t\t\t\t<div class=\"elementor-widget-container\">\n\t\t\t\t\t\t\t\t\t<p>Amb els nostres cursos volem fomentar l\u2019intercanvi, l\u2019aprenenetatge aut\u00f2nom i la llibertat creativa.<\/p>\n<p>\u00c9s un espai on aprendre amb el fang, compartir i desenvolupar projectes personals.<\/p>\n\t\t\t\t\t\t\t\t<\/div>\n\t\t\t\t<\/div>\n\t\t\t\t<div class=\"elementor-element elementor-element-9fa09fa elementor-widget elementor-widget-text-editor\" data-id=\"9fa09fa\" data-element_type=\"widget\" data-e-type=\"widget\" data-widget_type=\"text-editor.default\">\n\t\t\t\t<div class=\"elementor-widget-container\">\n\t\t\t\t\t\t\t\t\t<div class=\"elementor-widget-container\">La\u00fcma disposa de tot all\u00f2 necessari perqu\u00e8 cada persona desenvolupi la seva creativitat de la forma que millor s\u2019adapti a les seves idees.<\/div><div>\u00a0<\/div><div class=\"elementor-widget-container\">T\u2019ajudem i et donem assist\u00e8ncia t\u00e8cnica per a formalitzar les teves idees i resoldre els teus dubtes.<\/div>\t\t\t\t\t\t\t\t<\/div>\n\t\t\t\t<\/div>\n\t\t\t\t<div class=\"elementor-element elementor-element-1141c07 elementor-widget elementor-widget-text-editor\" data-id=\"1141c07\" data-element_type=\"widget\" data-e-type=\"widget\" data-widget_type=\"text-editor.default\">\n\t\t\t\t<div class=\"elementor-widget-container\">\n\t\t\t\t\t\t\t\t\tEl taller est\u00e0 equipat amb 3 torns, una laminadora, taules de treball i d\u2019amassat, 2 forns, tornetes, eines de torn i modelat\u2026 l\u2019alumne tamb\u00e9 t\u00e9 a la seva disposici\u00f3 engalbes i esmalts cer\u00e0mics b\u00e0sics.\t\t\t\t\t\t\t\t<\/div>\n\t\t\t\t<\/div>\n\t\t\t\t\t<\/div>\n\t\t<\/div>\n\t\t\t\t\t<\/div>\n\t\t<\/section>\n\t\t\t\t<section class=\"elementor-section elementor-top-section elementor-element elementor-element-6237512 elementor-section-boxed elementor-section-height-default elementor-section-height-default\" data-id=\"6237512\" data-element_type=\"section\" data-e-type=\"section\">\n\t\t\t\t\t\t<div class=\"elementor-container elementor-column-gap-default\">\n\t\t\t\t\t<div class=\"elementor-column elementor-col-100 elementor-top-column elementor-element elementor-element-4f07ce3\" data-id=\"4f07ce3\" data-element_type=\"column\" data-e-type=\"column\">\n\t\t\t<div class=\"elementor-widget-wrap\">\n\t\t\t\t\t\t\t<\/div>\n\t\t<\/div>\n\t\t\t\t\t<\/div>\n\t\t<\/section>\n\t\t\t\t<\/div>\n\t\t","protected":false},"excerpt":{"rendered":"<p>https:\/\/espailauma.org\/wp-content\/uploads\/2024\/04\/InShot_20240406_191820201.mp4 La\u00fcma es un taller creatiu situat a St.Antoni, un dels barris m\u00e9s emblem\u00e0tics de Barcelona. \u00c9s un espai obert a totes aquelles ments curioses que tinguin inter\u00e8s per la cer\u00e0mica i l&#8217;art en general Amb els nostres cursos volem fomentar l\u2019intercanvi, l\u2019aprenenetatge aut\u00f2nom i la llibertat creativa. \u00c9s un espai on aprendre amb el [&hellip;]<\/p>\n","protected":false},"author":1,"featured_media":0,"parent":0,"menu_order":0,"comment_status":"closed","ping_status":"closed","template":"","meta":{"footnotes":""},"class_list":["post-1287","page","type-page","status-publish","hentry"],"_links":{"self":[{"href":"https:\/\/espailauma.org\/ca\/wp-json\/wp\/v2\/pages\/1287","targetHints":{"allow":["GET"]}}],"collection":[{"href":"https:\/\/espailauma.org\/ca\/wp-json\/wp\/v2\/pages"}],"about":[{"href":"https:\/\/espailauma.org\/ca\/wp-json\/wp\/v2\/types\/page"}],"author":[{"embeddable":true,"href":"https:\/\/espailauma.org\/ca\/wp-json\/wp\/v2\/users\/1"}],"replies":[{"embeddable":true,"href":"https:\/\/espailauma.org\/ca\/wp-json\/wp\/v2\/comments?post=1287"}],"version-history":[{"count":74,"href":"https:\/\/espailauma.org\/ca\/wp-json\/wp\/v2\/pages\/1287\/revisions"}],"predecessor-version":[{"id":7737,"href":"https:\/\/espailauma.org\/ca\/wp-json\/wp\/v2\/pages\/1287\/revisions\/7737"}],"wp:attachment":[{"href":"https:\/\/espailauma.org\/ca\/wp-json\/wp\/v2\/media?parent=1287"}],"curies":[{"name":"wp","href":"https:\/\/api.w.org\/{rel}","templated":true}]}}